{"id":1223,"date":"2018-05-16T06:03:31","date_gmt":"2018-05-16T06:03:31","guid":{"rendered":"\/fr\/?page_id=1223"},"modified":"2022-08-16T05:23:53","modified_gmt":"2022-08-16T05:23:53","slug":"temoignages","status":"publish","type":"page","link":"https:\/\/www.larosearchitecture.com\/fr\/temoignages\/","title":{"rendered":"T\u00e9moignages"},"content":{"rendered":"    <div class=\"project-block\">\r\n        <div class=\"project-block-photo\" data-project-info=\"project-block-info-40\">\r\n            <a href=\"https:\/\/www.larosearchitecture.com\/fr\/projects\/maplewood\/\">\r\n                <div class=\"project-block-info\" id=\"project-block-info-40\">\r\n                    <p class=\"project-block-title\">Maplewood<\/p>\r\n                    <p class=\"project-block-description\">AGRANDISSEMENT ET TERRASSE<br \/>\r\nOUTREMONT, QC, CANADA<\/p>\r\n                <\/div>\r\n                <img decoding=\"async\" src=\"https:\/\/www.larosearchitecture.com\/wp-content\/uploads\/2013\/07\/4556513_15_16_17-e1377553208589-400x300.jpg\" alt=\"Maplewood\">\r\n            <\/a>\r\n        <\/div>\r\n    <\/div>\n<p>\u00ab La solution qu\u2019ils m\u2019ont pr\u00e9sent\u00e9e m\u2019a \u00e0 la fois \u00e9tonn\u00e9e par son \u00e9l\u00e9gance et par la simplicit\u00e9 de son design qui permet de vivre \u00e0 l\u2019ext\u00e9rieur tant au rez-de-chauss\u00e9e qu\u2019au rez-de-jardin. \u00bb<\/p>\n<div class=\"testimonials-link\"><a href=\"\/fr\/temoignages\/agrandissement-et-terrasse-avenue-maplewood\/\">Lire<\/a><\/div>\n<div class=\"testimonials-author\">Fran\u00e7ois Naud<\/div>\n<hr class=\"big-separation\">\n    <div class=\"project-block\">\r\n        <div class=\"project-block-photo\" data-project-info=\"project-block-info-164\">\r\n            <a href=\"https:\/\/www.larosearchitecture.com\/fr\/projects\/mosaic\/\">\r\n                <div class=\"project-block-info\" id=\"project-block-info-164\">\r\n                    <p class=\"project-block-title\">Mosaic<\/p>\r\n                    <p class=\"project-block-description\">AM\u00c9NAGEMENT DES BUREAUX<br \/>\r\nDE MOSAIC DESIGN<br \/>\r\nOUTREMONT, QC, CANADA<\/p>\r\n                <\/div>\r\n                <img decoding=\"async\" src=\"https:\/\/www.larosearchitecture.com\/wp-content\/uploads\/2018\/05\/mosaic-front-400x300.jpg\" alt=\"Mosaic\">\r\n            <\/a>\r\n        <\/div>\r\n    <\/div>\n<p>\u00ab Un espace compl\u00e9tement ouvert qui offre \u00e0 toute l\u2019\u00e9quipe  la pr\u00e9sence de lumi\u00e8re du jour peu importe la saison, la m\u00e9t\u00e9o ou l\u2019heure de la journ\u00e9e. C\u2019est litt\u00e9ralement magique. \u00bb<\/p>\n<div class=\"testimonials-link\"><a href=\"\/fr\/temoignages\/amenagement-des-bureaux-de-mosaic-design\/\">Lire<\/a><\/div>\n<div class=\"testimonials-author\">\nPhilippe C\u00f4t\u00e9, Associ\u00e9<br \/>\nAnne-Marie Caron, Associ\u00e9<\/div>\n<hr class=\"big-separation\">\n    <div class=\"project-block\">\r\n        <div class=\"project-block-photo\" data-project-info=\"project-block-info-1114\">\r\n            <a href=\"https:\/\/www.larosearchitecture.com\/fr\/projects\/claude-champagne\/\">\r\n                <div class=\"project-block-info\" id=\"project-block-info-1114\">\r\n                    <p class=\"project-block-title\">Claude-Champagne<\/p>\r\n                    <p class=\"project-block-description\">AGRANDISSEMENT<br \/>\r\nOUTREMONT, QC, CANADA<\/p>\r\n                <\/div>\r\n                <img decoding=\"async\" src=\"https:\/\/www.larosearchitecture.com\/wp-content\/uploads\/2018\/05\/143-12_11-400x300.jpg\" alt=\"Claude-Champagne\">\r\n            <\/a>\r\n        <\/div>\r\n    <\/div>\n<p>\u00ab Nous sommes tr\u00e8s satisfaits du r\u00e9sultat que nous jugeons vraiment spectaculaire. Notre maison, qui \u00e9tait sombre, est devenue un havre de lumi\u00e8re et de paix ouvert sur un jardin vert, rouge ou blanc, selon les saisons. Les amis et les visiteurs qui mettent maintenant le pied chez nous sont fascin\u00e9s par la m\u00e9tamorphose des lieux. \u00bb<\/p>\n<div class=\"testimonials-link\"><a href=\"\/fr\/temoignages\/claude-champagne-vue-cadree-agrandissement\/\">Lire<\/a><\/div>\n<div class=\"testimonials-author\">\nPhilippe et Annie<\/div>\n<hr class=\"big-separation\">\n    <div class=\"project-block\">\r\n        <div class=\"project-block-photo\" data-project-info=\"project-block-info-170\">\r\n            <a href=\"https:\/\/www.larosearchitecture.com\/fr\/projects\/hestia\/\">\r\n                <div class=\"project-block-info\" id=\"project-block-info-170\">\r\n                    <p class=\"project-block-title\">Hestia<\/p>\r\n                    <p class=\"project-block-description\">SALON DE TH\u00c9 HESTIA<br \/>\r\nMONTR\u00c9AL, QC, CANADA<\/p>\r\n                <\/div>\r\n                <img decoding=\"async\" src=\"https:\/\/www.larosearchitecture.com\/wp-content\/uploads\/2018\/05\/hestia-front-400x300.jpg\" alt=\"Hestia\">\r\n            <\/a>\r\n        <\/div>\r\n    <\/div>\n<p>\u00ab Aujourd\u2019hui, nous aimerions souligner la rigueur, le professionnalisme et le travail exceptionnel que ces derniers ont d\u00e9montr\u00e9 tout au long du projet. \u00bb<\/p>\n<div class=\"testimonials-link\"><a href=\"\/fr\/temoignages\/salon-de-the-hestia\/\">Lire<\/a><\/div>\n<div class=\"testimonials-author\">\nJean-Phillipe Boivin, Co-Propri\u00e9taire, Hestia<br \/>\nSimon Poulin, Co-Propri\u00e9taire Hestia<\/div>\n<hr class=\"big-separation\">\n    <div class=\"project-block\">\r\n        <div class=\"project-block-photo\" data-project-info=\"project-block-info-185\">\r\n            <a href=\"https:\/\/www.larosearchitecture.com\/fr\/projects\/panorama\/\">\r\n                <div class=\"project-block-info\" id=\"project-block-info-185\">\r\n                    <p class=\"project-block-title\">Panorama<\/p>\r\n                    <p class=\"project-block-description\">R\u00c9SIDENCE SECONDAIRE<br \/>\r\nPOTTON, QC, CANADA<\/p>\r\n                <\/div>\r\n                <img decoding=\"async\" src=\"https:\/\/www.larosearchitecture.com\/wp-content\/uploads\/2022\/06\/residence-secondaire-face-400x300.jpg\" alt=\"Panorama\">\r\n            <\/a>\r\n        <\/div>\r\n    <\/div>\n<p>\u00ab Nous avons depuis 1 an le sentiment de vivre dans une maison qui flotte dans les nuages et qui se transforme au gr\u00e9 des 4 saisons; le paysage toujours changeant nous donne l&rsquo;effet d&rsquo;avoir 4 maisons pour le prix de une \u00bb<\/p>\n<div class=\"testimonials-link\"><a href=\"\/fr\/temoignages\/panorama-residence-secondaire\/\">Lire<\/a><\/div>\n<div class=\"testimonials-author\">\nJacynthe Leclerc, Pierre Savary et leurs enfants Catherine 11 ans et William 14 ans<\/div>\n<hr class=\"big-separation\">\n<p>\u00ab Cher Marc-Antoine<br \/>\nMerci infiniment pour tes excellents services !<br \/>\n\u00c0 bient\u00f4t \u00bb<\/p>\n<div class=\"testimonials-author\">\nLucie McDuff<\/div>\n<hr class=\"big-separation\">\n","protected":false},"excerpt":{"rendered":"<p>\u00ab La solution qu\u2019ils m\u2019ont pr\u00e9sent\u00e9e m\u2019a \u00e0 la fois \u00e9tonn\u00e9e par son \u00e9l\u00e9gance et par la simplicit\u00e9 de son design qui permet de vivre \u00e0 l\u2019ext\u00e9rieur tant au rez-de-chauss\u00e9e qu\u2019au rez-de-jardin. \u00bb Lire Fran\u00e7ois Naud \u00ab Un espace compl\u00e9tement ouvert qui offre \u00e0 toute l\u2019\u00e9quipe la pr\u00e9sence de lumi\u00e8re du jour peu importe la [&hellip;]<\/p>\n","protected":false},"author":6,"featured_media":0,"parent":0,"menu_order":0,"comment_status":"closed","ping_status":"closed","template":"page-testimonials.php","meta":{"footnotes":""},"class_list":["post-1223","page","type-page","status-publish","hentry"],"_links":{"self":[{"href":"https:\/\/www.larosearchitecture.com\/fr\/wp-json\/wp\/v2\/pages\/1223"}],"collection":[{"href":"https:\/\/www.larosearchitecture.com\/fr\/wp-json\/wp\/v2\/pages"}],"about":[{"href":"https:\/\/www.larosearchitecture.com\/fr\/wp-json\/wp\/v2\/types\/page"}],"author":[{"embeddable":true,"href":"https:\/\/www.larosearchitecture.com\/fr\/wp-json\/wp\/v2\/users\/6"}],"replies":[{"embeddable":true,"href":"https:\/\/www.larosearchitecture.com\/fr\/wp-json\/wp\/v2\/comments?post=1223"}],"version-history":[{"count":35,"href":"https:\/\/www.larosearchitecture.com\/fr\/wp-json\/wp\/v2\/pages\/1223\/revisions"}],"predecessor-version":[{"id":2214,"href":"https:\/\/www.larosearchitecture.com\/fr\/wp-json\/wp\/v2\/pages\/1223\/revisions\/2214"}],"wp:attachment":[{"href":"https:\/\/www.larosearchitecture.com\/fr\/wp-json\/wp\/v2\/media?parent=1223"}],"curies":[{"name":"wp","href":"https:\/\/api.w.org\/{rel}","templated":true}]}}